{"id":4104,"date":"2020-11-09T15:24:52","date_gmt":"2020-11-09T13:24:52","guid":{"rendered":"https:\/\/www.unihabit.com\/?page_id=4104"},"modified":"2021-02-19T12:17:06","modified_gmt":"2021-02-19T10:17:06","slug":"gent-unihabit","status":"publish","type":"page","link":"https:\/\/www.unihabit.com\/ca\/gent-unihabit\/","title":{"rendered":"Gent Unihabit"},"content":{"rendered":"<div class=\"fusion-fullwidth fullwidth-box fusion-builder-row-1 fusion-flex-container nonhundred-percent-fullwidth non-hundred-percent-height-scrolling\" style=\"--awb-border-radius-top-left:0px;--awb-border-radius-top-right:0px;--awb-border-radius-bottom-right:0px;--awb-border-radius-bottom-left:0px;--awb-flex-wrap:wrap;\" ><div class=\"fusion-builder-row fusion-row fusion-flex-align-items-flex-start fusion-flex-content-wrap\" style=\"max-width:1248px;margin-left: calc(-4% \/ 2 );margin-right: calc(-4% \/ 2 );\"><div class=\"fusion-layout-column fusion_builder_column fusion-builder-column-0 fusion_builder_column_1_1 1_1 fusion-flex-column\" style=\"--awb-bg-size:cover;--awb-width-large:100%;--awb-margin-top-large:0px;--awb-spacing-right-large:1.92%;--awb-margin-bottom-large:20px;--awb-spacing-left-large:1.92%;--awb-width-medium:100%;--awb-order-medium:0;--awb-spacing-right-medium:1.92%;--awb-spacing-left-medium:1.92%;--awb-width-small:100%;--awb-order-small:0;--awb-spacing-right-small:1.92%;--awb-spacing-left-small:1.92%;\"><div class=\"fusion-column-wrapper fusion-column-has-shadow fusion-flex-justify-content-flex-start fusion-content-layout-column\"><div class=\"fusion-blog-shortcode fusion-blog-shortcode-1 fusion-blog-archive fusion-blog-layout-medium-alternate fusion-blog-pagination\"><div class=\"fusion-posts-container fusion-posts-container-pagination fusion-blog-rollover\" data-pages=\"4\"><article id=\"blog-1-post-17681\" class=\"fusion-post-medium-alternate post-17681 post type-post status-publish format-standard has-post-thumbnail hentry category-blog category-entrevistas-ca category-unihabit-barcelona-blog category-unihabit-girona-blog category-unihabit-manresa-blog category-unihabit-sant-cugat-blog\">\n<div class=\"fusion-date-and-formats\"><div class=\"fusion-date-box updated\"><span class=\"fusion-date\">11<\/span><span class=\"fusion-month-year\">08, 2025<\/span><\/div><div class=\"fusion-format-box\"><i class=\"awb-icon-pen\" aria-hidden=\"true\"><\/i><\/div><\/div>\t<style type=\"text\/css\">\n\t\t\n\t\t\n\t\t\n\t\t\n\t\t\t<\/style>\n\n\n\t\t\t<div class=\"fusion-flexslider flexslider fusion-flexslider-loading fusion-post-slideshow\" style=\"\">\n\t\t<ul class=\"slides\">\n\t\t\t\n\t\t\t\t\t\t\t\t\t\t\t\t\t\t<li><div  class=\"fusion-image-wrapper fusion-image-size-fixed\" aria-haspopup=\"true\">\n\t\t\t\t<img decoding=\"async\" width=\"320\" height=\"202\" src=\"https:\/\/www.unihabit.com\/wp-content\/uploads\/2025\/09\/entrevista-marc-guixe-320x202.png\" class=\"attachment-blog-medium size-blog-medium wp-post-image\" alt=\"entrevista marc guixe\" srcset=\"https:\/\/www.unihabit.com\/wp-content\/uploads\/2025\/09\/entrevista-marc-guixe-320x202.png 320w, https:\/\/www.unihabit.com\/wp-content\/uploads\/2025\/09\/entrevista-marc-guixe-700x441.png 700w\" sizes=\"(max-width: 320px) 100vw, 320px\" title=\"\"><div class=\"fusion-rollover\">\n\t<div class=\"fusion-rollover-content\">\n\n\t\t\t\t\t\t\t\t\t\t\t\t\t\t<a class=\"fusion-rollover-link\" href=\"https:\/\/www.unihabit.com\/ca\/entrevista-a-marc-guixe\/\">Entrevista a Marc Guix\u00e9: \u201cVaig venir per un any\u2026 i ja en porto cinc a Unihabit Girona!\u201d<\/a>\n\t\t\t\n\t\t\t\t\t\t\t\t\n\t\t\n\t\t\t\t\t\t\t\t\n\t\t\t\t\t\t\t\t\n\t\t\n\t\t\t\t\t\t<a class=\"fusion-link-wrapper\" href=\"https:\/\/www.unihabit.com\/ca\/entrevista-a-marc-guixe\/\" aria-label=\"Entrevista a Marc Guix\u00e9: \u201cVaig venir per un any\u2026 i ja en porto cinc a Unihabit Girona!\u201d\"><\/a>\n\t<\/div>\n<\/div>\n<\/div>\n<\/li>\n\t\t\t\n\t\t\t\n\t\t\t\t\t\t\t\t\t\t\t\t\t\t\t\t\t\t\t\t\t\t\t\t\t\t\t\t\t\t\t\t\t\t\t\t\t\t\t\t\t\t\t\t\t\t\t\t\t\t\t\t\t\t\t\t\t\t\t\t\t\t\t\t\t\t\t\t<\/ul>\n\t<\/div>\n\t<div class=\"fusion-post-content post-content\"><h2 class=\"blog-shortcode-post-title entry-title\"><a href=\"https:\/\/www.unihabit.com\/ca\/entrevista-a-marc-guixe\/\">Entrevista a Marc Guix\u00e9: \u201cVaig venir per un any\u2026 i ja en porto cinc a Unihabit Girona!\u201d<\/a><\/h2><p class=\"fusion-single-line-meta\">By <span class=\"vcard\"><span class=\"fn\"><a href=\"https:\/\/www.unihabit.com\/ca\/author\/admin\/\" title=\"Entrades de Unihabit\" rel=\"author\">Unihabit<\/a><\/span><\/span><span class=\"fusion-inline-sep\">|<\/span><span class=\"updated\" style=\"display:none;\">2025-09-08T09:57:40+02:00<\/span><span>11 d'agost de 2025<\/span><span class=\"fusion-inline-sep\">|<\/span>Categories: <a href=\"https:\/\/www.unihabit.com\/ca\/category\/blog\/\" rel=\"category tag\">Blog<\/a>, <a href=\"https:\/\/www.unihabit.com\/ca\/category\/entrevistas-ca\/\" rel=\"category tag\">Entrevistas<\/a>, <a href=\"https:\/\/www.unihabit.com\/ca\/category\/unihabit-barcelona-blog\/\" rel=\"category tag\">Unihabit Barcelona<\/a>, <a href=\"https:\/\/www.unihabit.com\/ca\/category\/unihabit-girona-blog\/\" rel=\"category tag\">Unihabit Girona<\/a>, <a href=\"https:\/\/www.unihabit.com\/ca\/category\/unihabit-manresa-blog\/\" rel=\"category tag\">Unihabit Manresa<\/a>, <a href=\"https:\/\/www.unihabit.com\/ca\/category\/unihabit-sant-cugat-blog\/\" rel=\"category tag\">Unihabit Sant Cugat<\/a><span class=\"fusion-inline-sep\">|<\/span><span class=\"fusion-comments\"><a href=\"https:\/\/www.unihabit.com\/ca\/entrevista-a-marc-guixe\/#respond\">0 Comments<\/a><\/span><\/p><div class=\"fusion-post-content-container\"><p>     Marc Guix\u00e9 \u00e9s d\u2019Andorra i [...]<\/p><\/div><\/div><div class=\"fusion-clearfix\"><\/div><div class=\"fusion-meta-info\"><div class=\"fusion-alignright\"><a class=\"fusion-read-more\" href=\"https:\/\/www.unihabit.com\/ca\/entrevista-a-marc-guixe\/\" aria-label=\"More on Entrevista a Marc Guix\u00e9: \u201cVaig venir per un any\u2026 i ja en porto cinc a Unihabit Girona!\u201d\">Read More<\/a><\/div><\/div><\/article>\n<article id=\"blog-1-post-17464\" class=\"fusion-post-medium-alternate post-17464 post type-post status-publish format-standard has-post-thumbnail hentry category-blog category-entrevistas-ca category-estudiants-unihabit-barcelona category-unihabit-barcelona-blog\">\n<div class=\"fusion-date-and-formats\"><div class=\"fusion-date-box updated\"><span class=\"fusion-date\">3<\/span><span class=\"fusion-month-year\">07, 2025<\/span><\/div><div class=\"fusion-format-box\"><i class=\"awb-icon-pen\" aria-hidden=\"true\"><\/i><\/div><\/div>\t<style type=\"text\/css\">\n\t\t\n\t\t\n\t\t\n\t\t\n\t\t\t<\/style>\n\n\n\t\t\t<div class=\"fusion-flexslider flexslider fusion-flexslider-loading fusion-post-slideshow\" style=\"\">\n\t\t<ul class=\"slides\">\n\t\t\t\n\t\t\t\t\t\t\t\t\t\t\t\t\t\t<li><div  class=\"fusion-image-wrapper fusion-image-size-fixed\" aria-haspopup=\"true\">\n\t\t\t\t<img decoding=\"async\" width=\"320\" height=\"202\" src=\"https:\/\/www.unihabit.com\/wp-content\/uploads\/2025\/07\/residencias-universitarias-barcelona-estancias-cortas-320x202.jpg\" class=\"attachment-blog-medium size-blog-medium wp-post-image\" alt=\"residencias universitarias barcelona estancias cortas\" srcset=\"https:\/\/www.unihabit.com\/wp-content\/uploads\/2025\/07\/residencias-universitarias-barcelona-estancias-cortas-320x202.jpg 320w, https:\/\/www.unihabit.com\/wp-content\/uploads\/2025\/07\/residencias-universitarias-barcelona-estancias-cortas-700x441.jpg 700w\" sizes=\"(max-width: 320px) 100vw, 320px\" title=\"\"><div class=\"fusion-rollover\">\n\t<div class=\"fusion-rollover-content\">\n\n\t\t\t\t\t\t\t\t\t\t\t\t\t\t<a class=\"fusion-rollover-link\" href=\"https:\/\/www.unihabit.com\/ca\/estades-curtes-residencies-estudiants\/\">Per qu\u00e8 optar per a estades curtes en resid\u00e8ncies d\u2019estudiants de Barcelona?<\/a>\n\t\t\t\n\t\t\t\t\t\t\t\t\n\t\t\n\t\t\t\t\t\t\t\t\n\t\t\t\t\t\t\t\t\n\t\t\n\t\t\t\t\t\t<a class=\"fusion-link-wrapper\" href=\"https:\/\/www.unihabit.com\/ca\/estades-curtes-residencies-estudiants\/\" aria-label=\"Per qu\u00e8 optar per a estades curtes en resid\u00e8ncies d\u2019estudiants de Barcelona?\"><\/a>\n\t<\/div>\n<\/div>\n<\/div>\n<\/li>\n\t\t\t\n\t\t\t\n\t\t\t\t\t\t\t\t\t\t\t\t\t\t\t\t\t\t\t\t\t\t\t\t\t\t\t\t\t\t\t\t\t\t\t\t\t\t\t\t\t\t\t\t\t\t\t\t\t\t\t\t\t\t\t\t\t\t\t\t\t\t\t\t\t\t\t\t<\/ul>\n\t<\/div>\n\t<div class=\"fusion-post-content post-content\"><h2 class=\"blog-shortcode-post-title entry-title\"><a href=\"https:\/\/www.unihabit.com\/ca\/estades-curtes-residencies-estudiants\/\">Per qu\u00e8 optar per a estades curtes en resid\u00e8ncies d\u2019estudiants de Barcelona?<\/a><\/h2><p class=\"fusion-single-line-meta\">By <span class=\"vcard\"><span class=\"fn\"><a href=\"https:\/\/www.unihabit.com\/ca\/author\/admin\/\" title=\"Entrades de Unihabit\" rel=\"author\">Unihabit<\/a><\/span><\/span><span class=\"fusion-inline-sep\">|<\/span><span class=\"updated\" style=\"display:none;\">2025-07-07T08:48:22+02:00<\/span><span>3 de juliol de 2025<\/span><span class=\"fusion-inline-sep\">|<\/span>Categories: <a href=\"https:\/\/www.unihabit.com\/ca\/category\/blog\/\" rel=\"category tag\">Blog<\/a>, <a href=\"https:\/\/www.unihabit.com\/ca\/category\/entrevistas-ca\/\" rel=\"category tag\">Entrevistas<\/a>, <a href=\"https:\/\/www.unihabit.com\/ca\/category\/unihabit-barcelona-blog\/estudiants-unihabit-barcelona\/\" rel=\"category tag\">Estudiants Unihabit Barcelona<\/a>, <a href=\"https:\/\/www.unihabit.com\/ca\/category\/unihabit-barcelona-blog\/\" rel=\"category tag\">Unihabit Barcelona<\/a><span class=\"fusion-inline-sep\">|<\/span><span class=\"fusion-comments\"><a href=\"https:\/\/www.unihabit.com\/ca\/estades-curtes-residencies-estudiants\/#respond\">0 Comments<\/a><\/span><\/p><div class=\"fusion-post-content-container\"><p> Triar viure durant estades curtes en resid\u00e8ncies d\u2019estudiants s'ha [...]<\/p><\/div><\/div><div class=\"fusion-clearfix\"><\/div><div class=\"fusion-meta-info\"><div class=\"fusion-alignright\"><a class=\"fusion-read-more\" href=\"https:\/\/www.unihabit.com\/ca\/estades-curtes-residencies-estudiants\/\" aria-label=\"More on Per qu\u00e8 optar per a estades curtes en resid\u00e8ncies d\u2019estudiants de Barcelona?\">Read More<\/a><\/div><\/div><\/article>\n<article id=\"blog-1-post-17042\" class=\"fusion-post-medium-alternate post-17042 post type-post status-publish format-standard has-post-thumbnail hentry category-blog category-entrevistas-ca category-estudiants-unihabit-barcelona category-unihabit-barcelona-blog\">\n<div class=\"fusion-date-and-formats\"><div class=\"fusion-date-box updated\"><span class=\"fusion-date\">3<\/span><span class=\"fusion-month-year\">06, 2025<\/span><\/div><div class=\"fusion-format-box\"><i class=\"awb-icon-pen\" aria-hidden=\"true\"><\/i><\/div><\/div>\t<style type=\"text\/css\">\n\t\t\n\t\t\n\t\t\n\t\t\n\t\t\t<\/style>\n\n\n\t\t\t<div class=\"fusion-flexslider flexslider fusion-flexslider-loading fusion-post-slideshow\" style=\"\">\n\t\t<ul class=\"slides\">\n\t\t\t\n\t\t\t\t\t\t\t\t\t\t\t\t\t\t<li><div  class=\"fusion-image-wrapper fusion-image-size-fixed\" aria-haspopup=\"true\">\n\t\t\t\t<img decoding=\"async\" width=\"320\" height=\"202\" src=\"https:\/\/www.unihabit.com\/wp-content\/uploads\/2025\/06\/Entrevista-Kinjal-Chatterjee-320x202.jpg\" class=\"attachment-blog-medium size-blog-medium wp-post-image\" alt=\"Entrevista Kinjal Chatterjee\" srcset=\"https:\/\/www.unihabit.com\/wp-content\/uploads\/2025\/06\/Entrevista-Kinjal-Chatterjee-320x202.jpg 320w, https:\/\/www.unihabit.com\/wp-content\/uploads\/2025\/06\/Entrevista-Kinjal-Chatterjee-700x441.jpg 700w\" sizes=\"(max-width: 320px) 100vw, 320px\" title=\"\"><div class=\"fusion-rollover\">\n\t<div class=\"fusion-rollover-content\">\n\n\t\t\t\t\t\t\t\t\t\t\t\t\t\t<a class=\"fusion-rollover-link\" href=\"https:\/\/www.unihabit.com\/ca\/entrevista-a-kinjal-chatterjee\/\">Entrevista a Kinjal Chatterjee: \u201cEst\u00e0 molt b\u00e9 perqu\u00e8 sents una sensaci\u00f3 de comunitat.\u201d<\/a>\n\t\t\t\n\t\t\t\t\t\t\t\t\n\t\t\n\t\t\t\t\t\t\t\t\n\t\t\t\t\t\t\t\t\n\t\t\n\t\t\t\t\t\t<a class=\"fusion-link-wrapper\" href=\"https:\/\/www.unihabit.com\/ca\/entrevista-a-kinjal-chatterjee\/\" aria-label=\"Entrevista a Kinjal Chatterjee: \u201cEst\u00e0 molt b\u00e9 perqu\u00e8 sents una sensaci\u00f3 de comunitat.\u201d\"><\/a>\n\t<\/div>\n<\/div>\n<\/div>\n<\/li>\n\t\t\t\n\t\t\t\n\t\t\t\t\t\t\t\t\t\t\t\t\t\t\t\t\t\t\t\t\t\t\t\t\t\t\t\t\t\t\t\t\t\t\t\t\t\t\t\t\t\t\t\t\t\t\t\t\t\t\t\t\t\t\t\t\t\t\t\t\t\t\t\t\t\t\t\t<\/ul>\n\t<\/div>\n\t<div class=\"fusion-post-content post-content\"><h2 class=\"blog-shortcode-post-title entry-title\"><a href=\"https:\/\/www.unihabit.com\/ca\/entrevista-a-kinjal-chatterjee\/\">Entrevista a Kinjal Chatterjee: \u201cEst\u00e0 molt b\u00e9 perqu\u00e8 sents una sensaci\u00f3 de comunitat.\u201d<\/a><\/h2><p class=\"fusion-single-line-meta\">By <span class=\"vcard\"><span class=\"fn\"><a href=\"https:\/\/www.unihabit.com\/ca\/author\/admin\/\" title=\"Entrades de Unihabit\" rel=\"author\">Unihabit<\/a><\/span><\/span><span class=\"fusion-inline-sep\">|<\/span><span class=\"updated\" style=\"display:none;\">2025-06-03T10:28:18+02:00<\/span><span>3 de juny de 2025<\/span><span class=\"fusion-inline-sep\">|<\/span>Categories: <a href=\"https:\/\/www.unihabit.com\/ca\/category\/blog\/\" rel=\"category tag\">Blog<\/a>, <a href=\"https:\/\/www.unihabit.com\/ca\/category\/entrevistas-ca\/\" rel=\"category tag\">Entrevistas<\/a>, <a href=\"https:\/\/www.unihabit.com\/ca\/category\/unihabit-barcelona-blog\/estudiants-unihabit-barcelona\/\" rel=\"category tag\">Estudiants Unihabit Barcelona<\/a>, <a href=\"https:\/\/www.unihabit.com\/ca\/category\/unihabit-barcelona-blog\/\" rel=\"category tag\">Unihabit Barcelona<\/a><span class=\"fusion-inline-sep\">|<\/span><span class=\"fusion-comments\"><a href=\"https:\/\/www.unihabit.com\/ca\/entrevista-a-kinjal-chatterjee\/#respond\">0 Comments<\/a><\/span><\/p><div class=\"fusion-post-content-container\"><p> Kinjal Chatterjee \u00e9s natural de Calcuta (\u00cdndia) i fa [...]<\/p><\/div><\/div><div class=\"fusion-clearfix\"><\/div><div class=\"fusion-meta-info\"><div class=\"fusion-alignright\"><a class=\"fusion-read-more\" href=\"https:\/\/www.unihabit.com\/ca\/entrevista-a-kinjal-chatterjee\/\" aria-label=\"More on Entrevista a Kinjal Chatterjee: \u201cEst\u00e0 molt b\u00e9 perqu\u00e8 sents una sensaci\u00f3 de comunitat.\u201d\">Read More<\/a><\/div><\/div><\/article>\n<article id=\"blog-1-post-14512\" class=\"fusion-post-medium-alternate post-14512 post type-post status-publish format-standard has-post-thumbnail hentry category-blog category-entrevistas-ca category-estudiants-unihabit-manresa category-unihabit-manresa-blog\">\n<div class=\"fusion-date-and-formats\"><div class=\"fusion-date-box updated\"><span class=\"fusion-date\">5<\/span><span class=\"fusion-month-year\">12, 2024<\/span><\/div><div class=\"fusion-format-box\"><i class=\"awb-icon-pen\" aria-hidden=\"true\"><\/i><\/div><\/div>\t<style type=\"text\/css\">\n\t\t\n\t\t\n\t\t\n\t\t\n\t\t\t<\/style>\n\n\n\t\t\t<div class=\"fusion-flexslider flexslider fusion-flexslider-loading fusion-post-slideshow\" style=\"\">\n\t\t<ul class=\"slides\">\n\t\t\t\n\t\t\t\t\t\t\t\t\t\t\t\t\t\t<li><div  class=\"fusion-image-wrapper fusion-image-size-fixed\" aria-haspopup=\"true\">\n\t\t\t\t<img decoding=\"async\" width=\"320\" height=\"202\" src=\"https:\/\/www.unihabit.com\/wp-content\/uploads\/2024\/12\/Entrevista-Gloria-y-Laura-320x202.jpg\" class=\"attachment-blog-medium size-blog-medium wp-post-image\" alt=\"Entrevista Gloria y Laura\" srcset=\"https:\/\/www.unihabit.com\/wp-content\/uploads\/2024\/12\/Entrevista-Gloria-y-Laura-320x202.jpg 320w, https:\/\/www.unihabit.com\/wp-content\/uploads\/2024\/12\/Entrevista-Gloria-y-Laura-700x441.jpg 700w\" sizes=\"(max-width: 320px) 100vw, 320px\" title=\"\"><div class=\"fusion-rollover\">\n\t<div class=\"fusion-rollover-content\">\n\n\t\t\t\t\t\t\t\t\t\t\t\t\t\t<a class=\"fusion-rollover-link\" href=\"https:\/\/www.unihabit.com\/ca\/entrevista-gloria-laura\/\">Entrevista estudiants: Gl\u00f2ria i Laura<\/a>\n\t\t\t\n\t\t\t\t\t\t\t\t\n\t\t\n\t\t\t\t\t\t\t\t\n\t\t\t\t\t\t\t\t\n\t\t\n\t\t\t\t\t\t<a class=\"fusion-link-wrapper\" href=\"https:\/\/www.unihabit.com\/ca\/entrevista-gloria-laura\/\" aria-label=\"Entrevista estudiants: Gl\u00f2ria i Laura\"><\/a>\n\t<\/div>\n<\/div>\n<\/div>\n<\/li>\n\t\t\t\n\t\t\t\n\t\t\t\t\t\t\t\t\t\t\t\t\t\t\t\t\t\t\t\t\t\t\t\t\t\t\t\t\t\t\t\t\t\t\t\t\t\t\t\t\t\t\t\t\t\t\t\t\t\t\t\t\t\t\t\t\t\t\t\t\t\t\t\t\t\t\t\t<\/ul>\n\t<\/div>\n\t<div class=\"fusion-post-content post-content\"><h2 class=\"blog-shortcode-post-title entry-title\"><a href=\"https:\/\/www.unihabit.com\/ca\/entrevista-gloria-laura\/\">Entrevista estudiants: Gl\u00f2ria i Laura<\/a><\/h2><p class=\"fusion-single-line-meta\">By <span class=\"vcard\"><span class=\"fn\"><a href=\"https:\/\/www.unihabit.com\/ca\/author\/admin\/\" title=\"Entrades de Unihabit\" rel=\"author\">Unihabit<\/a><\/span><\/span><span class=\"fusion-inline-sep\">|<\/span><span class=\"updated\" style=\"display:none;\">2025-04-03T12:00:53+02:00<\/span><span>5 de desembre de 2024<\/span><span class=\"fusion-inline-sep\">|<\/span>Categories: <a href=\"https:\/\/www.unihabit.com\/ca\/category\/blog\/\" rel=\"category tag\">Blog<\/a>, <a href=\"https:\/\/www.unihabit.com\/ca\/category\/entrevistas-ca\/\" rel=\"category tag\">Entrevistas<\/a>, <a href=\"https:\/\/www.unihabit.com\/ca\/category\/unihabit-manresa-blog\/estudiants-unihabit-manresa\/\" rel=\"category tag\">Estudiants Unihabit Manresa<\/a>, <a href=\"https:\/\/www.unihabit.com\/ca\/category\/unihabit-manresa-blog\/\" rel=\"category tag\">Unihabit Manresa<\/a><span class=\"fusion-inline-sep\">|<\/span><span class=\"fusion-comments\"><a href=\"https:\/\/www.unihabit.com\/ca\/entrevista-gloria-laura\/#respond\">0 Comments<\/a><\/span><\/p><div class=\"fusion-post-content-container\"><p>   Entrevista estudiants del Grau en Enginyeria Mec\u00e0nica [...]<\/p><\/div><\/div><div class=\"fusion-clearfix\"><\/div><div class=\"fusion-meta-info\"><div class=\"fusion-alignright\"><a class=\"fusion-read-more\" href=\"https:\/\/www.unihabit.com\/ca\/entrevista-gloria-laura\/\" aria-label=\"More on Entrevista estudiants: Gl\u00f2ria i Laura\">Read More<\/a><\/div><\/div><\/article>\n<article id=\"blog-1-post-9518\" class=\"fusion-post-medium-alternate post-9518 post type-post status-publish format-standard has-post-thumbnail hentry category-blog category-entrevistas-ca category-estudiants-unihabit-sant-cugat category-unihabit-sant-cugat-blog\">\n<div class=\"fusion-date-and-formats\"><div class=\"fusion-date-box updated\"><span class=\"fusion-date\">10<\/span><span class=\"fusion-month-year\">11, 2022<\/span><\/div><div class=\"fusion-format-box\"><i class=\"awb-icon-pen\" aria-hidden=\"true\"><\/i><\/div><\/div>\t<style type=\"text\/css\">\n\t\t\n\t\t\n\t\t\n\t\t\n\t\t\t<\/style>\n\n\n\t\t\t<div class=\"fusion-flexslider flexslider fusion-flexslider-loading fusion-post-slideshow\" style=\"\">\n\t\t<ul class=\"slides\">\n\t\t\t\n\t\t\t\t\t\t\t\t\t\t\t\t\t\t<li><div  class=\"fusion-image-wrapper fusion-image-size-fixed\" aria-haspopup=\"true\">\n\t\t\t\t<img decoding=\"async\" width=\"320\" height=\"202\" src=\"https:\/\/www.unihabit.com\/wp-content\/uploads\/2022\/11\/Entrevista-a-Gabriel-Di-Giuseppe-y-Paula-Bisordi-320x202.jpg\" class=\"attachment-blog-medium size-blog-medium wp-post-image\" alt=\"Entrevista a Gabriel Di Giuseppe y Paula Bisordi\" srcset=\"https:\/\/www.unihabit.com\/wp-content\/uploads\/2022\/11\/Entrevista-a-Gabriel-Di-Giuseppe-y-Paula-Bisordi-320x202.jpg 320w, https:\/\/www.unihabit.com\/wp-content\/uploads\/2022\/11\/Entrevista-a-Gabriel-Di-Giuseppe-y-Paula-Bisordi-700x441.jpg 700w\" sizes=\"(max-width: 320px) 100vw, 320px\" title=\"\"><div class=\"fusion-rollover\">\n\t<div class=\"fusion-rollover-content\">\n\n\t\t\t\t\t\t\t\t\t\t\t\t\t\t<a class=\"fusion-rollover-link\" href=\"https:\/\/www.unihabit.com\/ca\/entrevista-a-gabi-i-paula\/\">Entrevista a Gabriel Di Giuseppe i Paula Bisordi<\/a>\n\t\t\t\n\t\t\t\t\t\t\t\t\n\t\t\n\t\t\t\t\t\t\t\t\n\t\t\t\t\t\t\t\t\n\t\t\n\t\t\t\t\t\t<a class=\"fusion-link-wrapper\" href=\"https:\/\/www.unihabit.com\/ca\/entrevista-a-gabi-i-paula\/\" aria-label=\"Entrevista a Gabriel Di Giuseppe i Paula Bisordi\"><\/a>\n\t<\/div>\n<\/div>\n<\/div>\n<\/li>\n\t\t\t\n\t\t\t\n\t\t\t\t\t\t\t\t\t\t\t\t\t\t\t\t\t\t\t\t\t\t\t\t\t\t\t\t\t\t\t\t\t\t\t\t\t\t\t\t\t\t\t\t\t\t\t\t\t\t\t\t\t\t\t\t\t\t\t\t\t\t\t\t\t\t\t\t<\/ul>\n\t<\/div>\n\t<div class=\"fusion-post-content post-content\"><h2 class=\"blog-shortcode-post-title entry-title\"><a href=\"https:\/\/www.unihabit.com\/ca\/entrevista-a-gabi-i-paula\/\">Entrevista a Gabriel Di Giuseppe i Paula Bisordi<\/a><\/h2><p class=\"fusion-single-line-meta\">By <span class=\"vcard\"><span class=\"fn\"><a href=\"https:\/\/www.unihabit.com\/ca\/author\/admin\/\" title=\"Entrades de Unihabit\" rel=\"author\">Unihabit<\/a><\/span><\/span><span class=\"fusion-inline-sep\">|<\/span><span class=\"updated\" style=\"display:none;\">2025-03-26T16:27:17+02:00<\/span><span>10 de novembre de 2022<\/span><span class=\"fusion-inline-sep\">|<\/span>Categories: <a href=\"https:\/\/www.unihabit.com\/ca\/category\/blog\/\" rel=\"category tag\">Blog<\/a>, <a href=\"https:\/\/www.unihabit.com\/ca\/category\/entrevistas-ca\/\" rel=\"category tag\">Entrevistas<\/a>, <a href=\"https:\/\/www.unihabit.com\/ca\/category\/unihabit-sant-cugat-blog\/estudiants-unihabit-sant-cugat\/\" rel=\"category tag\">Estudiants Unihabit Sant Cugat<\/a>, <a href=\"https:\/\/www.unihabit.com\/ca\/category\/unihabit-sant-cugat-blog\/\" rel=\"category tag\">Unihabit Sant Cugat<\/a><span class=\"fusion-inline-sep\">|<\/span><span class=\"fusion-comments\"><a href=\"https:\/\/www.unihabit.com\/ca\/entrevista-a-gabi-i-paula\/#respond\">0 Comments<\/a><\/span><\/p><div class=\"fusion-post-content-container\"><p>   Gabriel i Paula s\u00f3n una parella entranyable [...]<\/p><\/div><\/div><div class=\"fusion-clearfix\"><\/div><div class=\"fusion-meta-info\"><div class=\"fusion-alignright\"><a class=\"fusion-read-more\" href=\"https:\/\/www.unihabit.com\/ca\/entrevista-a-gabi-i-paula\/\" aria-label=\"More on Entrevista a Gabriel Di Giuseppe i Paula Bisordi\">Read More<\/a><\/div><\/div><\/article>\n<article id=\"blog-1-post-9115\" class=\"fusion-post-medium-alternate post-9115 post type-post status-publish format-standard has-post-thumbnail hentry category-blog category-entrevistas-ca category-estudiants-unihabit-girona category-unihabit-girona-blog\">\n<div class=\"fusion-date-and-formats\"><div class=\"fusion-date-box updated\"><span class=\"fusion-date\">15<\/span><span class=\"fusion-month-year\">07, 2022<\/span><\/div><div class=\"fusion-format-box\"><i class=\"awb-icon-pen\" aria-hidden=\"true\"><\/i><\/div><\/div>\t<style type=\"text\/css\">\n\t\t\n\t\t\n\t\t\n\t\t\n\t\t\t<\/style>\n\n\n\t\t\t<div class=\"fusion-flexslider flexslider fusion-flexslider-loading fusion-post-slideshow\" style=\"\">\n\t\t<ul class=\"slides\">\n\t\t\t\n\t\t\t\t\t\t\t\t\t\t\t\t\t\t<li><div  class=\"fusion-image-wrapper fusion-image-size-fixed\" aria-haspopup=\"true\">\n\t\t\t\t<img decoding=\"async\" width=\"320\" height=\"202\" src=\"https:\/\/www.unihabit.com\/wp-content\/uploads\/2022\/07\/21062022-IMG_5005-1-320x202.webp\" class=\"attachment-blog-medium size-blog-medium wp-post-image\" alt=\"\" srcset=\"https:\/\/www.unihabit.com\/wp-content\/uploads\/2022\/07\/21062022-IMG_5005-1-320x202.webp 320w, https:\/\/www.unihabit.com\/wp-content\/uploads\/2022\/07\/21062022-IMG_5005-1-700x441.webp 700w\" sizes=\"(max-width: 320px) 100vw, 320px\" title=\"\"><div class=\"fusion-rollover\">\n\t<div class=\"fusion-rollover-content\">\n\n\t\t\t\t\t\t\t\t\t\t\t\t\t\t<a class=\"fusion-rollover-link\" href=\"https:\/\/www.unihabit.com\/ca\/entrevista-adria-i-sergi\/\">Entrevista Adri\u00e0 i Sergi | Videojocs<\/a>\n\t\t\t\n\t\t\t\t\t\t\t\t\n\t\t\n\t\t\t\t\t\t\t\t\n\t\t\t\t\t\t\t\t\n\t\t\n\t\t\t\t\t\t<a class=\"fusion-link-wrapper\" href=\"https:\/\/www.unihabit.com\/ca\/entrevista-adria-i-sergi\/\" aria-label=\"Entrevista Adri\u00e0 i Sergi | Videojocs\"><\/a>\n\t<\/div>\n<\/div>\n<\/div>\n<\/li>\n\t\t\t\n\t\t\t\n\t\t\t\t\t\t\t\t\t\t\t\t\t\t\t\t\t\t\t\t\t\t\t\t\t\t\t\t\t\t\t\t\t\t\t\t\t\t\t\t\t\t\t\t\t\t\t\t\t\t\t\t\t\t\t\t\t\t\t\t\t\t\t\t\t\t\t\t<\/ul>\n\t<\/div>\n\t<div class=\"fusion-post-content post-content\"><h2 class=\"blog-shortcode-post-title entry-title\"><a href=\"https:\/\/www.unihabit.com\/ca\/entrevista-adria-i-sergi\/\">Entrevista Adri\u00e0 i Sergi | Videojocs<\/a><\/h2><p class=\"fusion-single-line-meta\">By <span class=\"vcard\"><span class=\"fn\"><a href=\"https:\/\/www.unihabit.com\/ca\/author\/admin\/\" title=\"Entrades de Unihabit\" rel=\"author\">Unihabit<\/a><\/span><\/span><span class=\"fusion-inline-sep\">|<\/span><span class=\"updated\" style=\"display:none;\">2025-03-26T16:39:36+02:00<\/span><span>15 de juliol de 2022<\/span><span class=\"fusion-inline-sep\">|<\/span>Categories: <a href=\"https:\/\/www.unihabit.com\/ca\/category\/blog\/\" rel=\"category tag\">Blog<\/a>, <a href=\"https:\/\/www.unihabit.com\/ca\/category\/entrevistas-ca\/\" rel=\"category tag\">Entrevistas<\/a>, <a href=\"https:\/\/www.unihabit.com\/ca\/category\/unihabit-girona-blog\/estudiants-unihabit-girona\/\" rel=\"category tag\">Estudiants Unihabit Girona<\/a>, <a href=\"https:\/\/www.unihabit.com\/ca\/category\/unihabit-girona-blog\/\" rel=\"category tag\">Unihabit Girona<\/a><span class=\"fusion-inline-sep\">|<\/span><span class=\"fusion-comments\"><a href=\"https:\/\/www.unihabit.com\/ca\/entrevista-adria-i-sergi\/#respond\">0 Comments<\/a><\/span><\/p><div class=\"fusion-post-content-container\"><p> Torna Unitalks amb una entrevista molt especial, estrenem entrevista [...]<\/p><\/div><\/div><div class=\"fusion-clearfix\"><\/div><div class=\"fusion-meta-info\"><div class=\"fusion-alignright\"><a class=\"fusion-read-more\" href=\"https:\/\/www.unihabit.com\/ca\/entrevista-adria-i-sergi\/\" aria-label=\"More on Entrevista Adri\u00e0 i Sergi | Videojocs\">Read More<\/a><\/div><\/div><\/article>\n<\/div><div class=\"pagination clearfix\"><span class=\"current\">1<\/span><a href=\"https:\/\/www.unihabit.com\/ca\/wp-json\/wp\/v2\/pages\/4104\/page\/2\/\" class=\"inactive\">2<\/a><a class=\"pagination-next\" rel=\"next\" href=\"https:\/\/www.unihabit.com\/ca\/wp-json\/wp\/v2\/pages\/4104\/page\/2\/\"><span class=\"page-text\">Seg\u00fcent<\/span><span class=\"page-next\"><\/span><\/a><\/div><div class=\"fusion-clearfix\"><\/div><\/div><\/div><\/div><\/div><\/div>\n","protected":false},"excerpt":{"rendered":"","protected":false},"author":1,"featured_media":0,"parent":0,"menu_order":0,"comment_status":"closed","ping_status":"closed","template":"","meta":{"footnotes":""},"class_list":["post-4104","page","type-page","status-publish","hentry"],"_links":{"self":[{"href":"https:\/\/www.unihabit.com\/ca\/wp-json\/wp\/v2\/pages\/4104","targetHints":{"allow":["GET"]}}],"collection":[{"href":"https:\/\/www.unihabit.com\/ca\/wp-json\/wp\/v2\/pages"}],"about":[{"href":"https:\/\/www.unihabit.com\/ca\/wp-json\/wp\/v2\/types\/page"}],"author":[{"embeddable":true,"href":"https:\/\/www.unihabit.com\/ca\/wp-json\/wp\/v2\/users\/1"}],"replies":[{"embeddable":true,"href":"https:\/\/www.unihabit.com\/ca\/wp-json\/wp\/v2\/comments?post=4104"}],"version-history":[{"count":4,"href":"https:\/\/www.unihabit.com\/ca\/wp-json\/wp\/v2\/pages\/4104\/revisions"}],"predecessor-version":[{"id":5391,"href":"https:\/\/www.unihabit.com\/ca\/wp-json\/wp\/v2\/pages\/4104\/revisions\/5391"}],"wp:attachment":[{"href":"https:\/\/www.unihabit.com\/ca\/wp-json\/wp\/v2\/media?parent=4104"}],"curies":[{"name":"wp","href":"https:\/\/api.w.org\/{rel}","templated":true}]}}